{"id":58,"date":"2015-01-03T13:37:29","date_gmt":"2015-01-03T12:37:29","guid":{"rendered":"http:\/\/www.lacgtmontreuil.fr\/?page_id=58"},"modified":"2024-08-19T17:08:05","modified_gmt":"2024-08-19T15:08:05","slug":"conseillers-des-salaries","status":"publish","type":"page","link":"https:\/\/www.lacgtmontreuil.fr\/?page_id=58","title":{"rendered":"Conseillers des salari\u00e9s"},"content":{"rendered":"<p style=\"text-align: justify;\">Ce sont les articles L. 1232-7 \u00e0 14 du Code du Travail qui fixent les missions limit\u00e9es d\u2019assistance, d\u00e9volues aux conseiller.e.s du salari\u00e9.e.<\/p>\n<p style=\"text-align: justify;\">Dans les entreprises d\u00e9pourvues de d\u00e9l\u00e9gu\u00e9.e.s (CSE), l\u2019employeur qui licencie ou proc\u00e8de \u00e0 une rupture conventionnelle, doit convoquer le\/la salari\u00e9.e \u00e0 un \u00ab\u00a0<strong>entretien pr\u00e9alable<\/strong>\u00a0\u00bb et l\u2019informer du droit \u00e0 se faire assister d\u2019un.e conseiller.e du salari\u00e9.e, inscrit.e sur la liste du d\u00e9partement.<\/p>\n<p style=\"text-align: justify;\">La loi fixe un d\u00e9lai minimum de <strong>5 jours francs entre<\/strong> <strong>la convocation et l\u2019entretien<\/strong>\u00a0: c\u2019est court. Autrement dit, inutile de laisser la lettre tra\u00eener \u00e0 la poste et d\u00e8s la date convenue, la recherche d\u2019un.e conseiller.e devient une priorit\u00e9.<\/p>\n<p style=\"text-align: justify;\">En joignant l\u2019UL CGT de Montreuil, vous sollicitez une liste de 11 conseiller.e.s de salari\u00e9.e, habilit\u00e9.e.s par le pr\u00e9fet pour intervenir dans les entreprises aux conditions ci-dessus. Ces conseiller.e.s sont :<\/p>\n<ul>\n<li>BAILICHE Houria, ASH<\/li>\n<li>BAUDIN Maryline, responsable comptabilit\u00e9<\/li>\n<li>BOUCABEILLE Guy, retrait\u00e9 h\u00f4tellerie<\/li>\n<li>BEAUGENDRE Lucien, moniteur-\u00e9ducateur<\/li>\n<li>COULIBALY Marie-Christine, commis de cuisine<\/li>\n<li>DHUNNY Sabinah, gestionnaire banque<\/li>\n<li>FAUCHEUX Patrice, retrait\u00e9 banque<\/li>\n<li>KENNOUDA Belkacem, employ\u00e9 logistique<\/li>\n<li>OUCHEN Haza, h\u00f4tesse de caisse<\/li>\n<li>POINSIGNON Krist\u00e8le, CESF<\/li>\n<li>TAZDA\u00cfT Amine, \u00e9ducateur sp\u00e9cialis\u00e9<\/li>\n<\/ul>\n<p style=\"text-align: justify;\">Avant de vous accompagner \u00e0 l\u2019entretien, ils\/elles tiennent \u00e0 vous rencontrer afin de d\u00e9finir avec vous la position \u00e0 adopter vis-\u00e0-vis de votre employeur\u00a0: cette rencontre a lieu <strong><a href=\"https:\/\/www.lacgtmontreuil.fr\/?page_id=215\">dans nos locaux<\/a><\/strong>.<\/p>\n<p style=\"text-align: justify;\">Sur la seule ann\u00e9e 2021 ces militant.e.s ont ainsi assist\u00e9 plus de 200 salari\u00e9.e.s dans des entreprises de Montreuil malgr\u00e9 le confinement et \u00e9vit\u00e9 nombre de licenciements. De m\u00eame, le recours \u00e0 la rupture conventionnelle exige quelques pr\u00e9cautions et justifie souvent l&rsquo;appel \u00e0 notre expertise.<\/p>\n","protected":false},"excerpt":{"rendered":"<p>Ce sont les articles L. 1232-7 \u00e0 14 du Code du Travail qui fixent les missions limit\u00e9es d\u2019assistance, d\u00e9volues aux conseiller.e.s du salari\u00e9.e. Dans les entreprises d\u00e9pourvues de d\u00e9l\u00e9gu\u00e9.e.s (CSE), l\u2019employeur qui licencie ou proc\u00e8de \u00e0 une rupture conventionnelle, doit convoquer le\/la salari\u00e9.e \u00e0 un \u00ab\u00a0entretien pr\u00e9alable\u00a0\u00bb et l\u2019informer du droit \u00e0 se faire assister &hellip; <\/p>\n","protected":false},"author":1,"featured_media":0,"parent":0,"menu_order":0,"comment_status":"closed","ping_status":"open","template":"","meta":{"footnotes":""},"class_list":["entry","page","publish","author-ulmontreuil","post-58"],"_links":{"self":[{"href":"https:\/\/www.lacgtmontreuil.fr\/index.php?rest_route=\/wp\/v2\/pages\/58","targetHints":{"allow":["GET"]}}],"collection":[{"href":"https:\/\/www.lacgtmontreuil.fr\/index.php?rest_route=\/wp\/v2\/pages"}],"about":[{"href":"https:\/\/www.lacgtmontreuil.fr\/index.php?rest_route=\/wp\/v2\/types\/page"}],"author":[{"embeddable":true,"href":"https:\/\/www.lacgtmontreuil.fr\/index.php?rest_route=\/wp\/v2\/users\/1"}],"replies":[{"embeddable":true,"href":"https:\/\/www.lacgtmontreuil.fr\/index.php?rest_route=%2Fwp%2Fv2%2Fcomments&post=58"}],"version-history":[{"count":15,"href":"https:\/\/www.lacgtmontreuil.fr\/index.php?rest_route=\/wp\/v2\/pages\/58\/revisions"}],"predecessor-version":[{"id":9005,"href":"https:\/\/www.lacgtmontreuil.fr\/index.php?rest_route=\/wp\/v2\/pages\/58\/revisions\/9005"}],"wp:attachment":[{"href":"https:\/\/www.lacgtmontreuil.fr\/index.php?rest_route=%2Fwp%2Fv2%2Fmedia&parent=58"}],"curies":[{"name":"wp","href":"https:\/\/api.w.org\/{rel}","templated":true}]}}