{"id":215,"date":"2017-11-21T18:32:13","date_gmt":"2017-11-21T17:32:13","guid":{"rendered":"http:\/\/www.lacgtmontreuil.fr\/?page_id=215"},"modified":"2018-04-18T21:31:56","modified_gmt":"2018-04-18T19:31:56","slug":"accueil-syndical","status":"publish","type":"page","link":"https:\/\/www.lacgtmontreuil.fr\/?page_id=215","title":{"rendered":"Accueil syndical"},"content":{"rendered":"<p style=\"text-align: justify;\">Vous travaillez \u00e0 Montreuil, y \u00eates priv\u00e9.e.s d\u2019emploi ou retrait\u00e9.e.s\u2026vous \u00eates les bienvenu.e.s \u00e0 notre accueil syndical, organis\u00e9 par les militant.e.s de l\u2019UL CGT de Montreuil\u00a0!<\/p>\n<p style=\"text-align: justify;\">L\u2019accueil se fait dans nos locaux ou la Bourse du Travail, au 24 rue de Paris (2<sup>e <\/sup>\u00e9tage), du <strong>lundi au vendredi<\/strong>, <strong>de 8h \u00e0 12h30 et de 14h \u00e0 19h<\/strong> et nous vous accueillons, pour \u00e9ventuellement fixer un rendez-vous ult\u00e9rieur\u2026 m\u00eame si vous n\u2019\u00eates pas (encore) syndiqu\u00e9.e.<\/p>\n<p style=\"text-align: justify;\">En effet, selon la nature de votre demande, vous serez toujours orient\u00e9.e vers nos camarades les plus aptes \u00e0 vous aider, dans la d\u00e9fense et la conqu\u00eate de vos droits\u00a0: en g\u00e9n\u00e9ral, <strong>un rendez-vous sera donc propos\u00e9 rapidement.<\/strong><\/p>\n<p style=\"text-align: justify;\">Au cas o\u00f9 le litige soumis ne rel\u00e8verait pas de la comp\u00e9tence territoriale de l\u2019 UL CGT de Montreuil, vous ne resterez pas sans r\u00e9ponse\u00a0: nous vous remettrons les coordonn\u00e9es de la structure ad-hoc, capable de traiter la question (autre union locale CGT, collectif sp\u00e9cifique, syndicat ou f\u00e9d\u00e9ration de la CGT).<\/p>\n<p style=\"text-align: justify;\">La vocation de notre accueil syndical est bien s\u00fbr de conjuguer les probl\u00e9matiques individuelles avec la d\u00e9marche collective et solidaire de la CGT\u00a0: on vient aussi \u00e0 la CGT\u2026 <strong>pour se syndiquer<\/strong>, pour lutter et s\u2019organiser, pour qu\u2019il y ait des candidat.e.s CGT aux \u00e9lections dans son entreprise, pour se former et <strong>construire des alternatives <\/strong>\u00e0 la pr\u00e9dation manag\u00e9riale capitaliste.<\/p>\n<p style=\"text-align: justify;\"><strong>Faites savoir au patronat et au gouvernement qu\u2019il y a urgence \u00e0 r\u00e9pondre aux revendications, <a href=\"https:\/\/www.lacgtmontreuil.fr\/?page_id=87\"><span style=\"color: #ff0000;\">syndiquez-vous<\/span><\/a>\u00a0!<\/strong><\/p>\n<p><img loading=\"lazy\" decoding=\"async\" class=\"aligncenter wp-image-1476\" src=\"https:\/\/www.lacgtmontreuil.fr\/wp-content\/uploads\/2018\/04\/Syndiquez-vous-3-203x300.jpg\" alt=\"\" width=\"250\" height=\"370\" srcset=\"https:\/\/www.lacgtmontreuil.fr\/wp-content\/uploads\/2018\/04\/Syndiquez-vous-3-203x300.jpg 203w, https:\/\/www.lacgtmontreuil.fr\/wp-content\/uploads\/2018\/04\/Syndiquez-vous-3-768x1136.jpg 768w, https:\/\/www.lacgtmontreuil.fr\/wp-content\/uploads\/2018\/04\/Syndiquez-vous-3-692x1024.jpg 692w, https:\/\/www.lacgtmontreuil.fr\/wp-content\/uploads\/2018\/04\/Syndiquez-vous-3.jpg 993w\" sizes=\"auto, (max-width: 250px) 100vw, 250px\" \/><\/p>\n","protected":false},"excerpt":{"rendered":"<p>Vous travaillez \u00e0 Montreuil, y \u00eates priv\u00e9.e.s d\u2019emploi ou retrait\u00e9.e.s\u2026vous \u00eates les bienvenu.e.s \u00e0 notre accueil syndical, organis\u00e9 par les militant.e.s de l\u2019UL CGT de Montreuil\u00a0! L\u2019accueil se fait dans nos locaux ou la Bourse du Travail, au 24 rue de Paris (2e \u00e9tage), du lundi au vendredi, de 8h \u00e0 12h30 et de 14h &hellip; <\/p>\n","protected":false},"author":1,"featured_media":0,"parent":0,"menu_order":0,"comment_status":"closed","ping_status":"closed","template":"","meta":{"footnotes":""},"class_list":["entry","page","publish","author-ulmontreuil","post-215"],"_links":{"self":[{"href":"https:\/\/www.lacgtmontreuil.fr\/index.php?rest_route=\/wp\/v2\/pages\/215","targetHints":{"allow":["GET"]}}],"collection":[{"href":"https:\/\/www.lacgtmontreuil.fr\/index.php?rest_route=\/wp\/v2\/pages"}],"about":[{"href":"https:\/\/www.lacgtmontreuil.fr\/index.php?rest_route=\/wp\/v2\/types\/page"}],"author":[{"embeddable":true,"href":"https:\/\/www.lacgtmontreuil.fr\/index.php?rest_route=\/wp\/v2\/users\/1"}],"replies":[{"embeddable":true,"href":"https:\/\/www.lacgtmontreuil.fr\/index.php?rest_route=%2Fwp%2Fv2%2Fcomments&post=215"}],"version-history":[{"count":10,"href":"https:\/\/www.lacgtmontreuil.fr\/index.php?rest_route=\/wp\/v2\/pages\/215\/revisions"}],"predecessor-version":[{"id":1629,"href":"https:\/\/www.lacgtmontreuil.fr\/index.php?rest_route=\/wp\/v2\/pages\/215\/revisions\/1629"}],"wp:attachment":[{"href":"https:\/\/www.lacgtmontreuil.fr\/index.php?rest_route=%2Fwp%2Fv2%2Fmedia&parent=215"}],"curies":[{"name":"wp","href":"https:\/\/api.w.org\/{rel}","templated":true}]}}